{"id":2906,"date":"2025-02-02T21:26:26","date_gmt":"2025-02-02T20:26:26","guid":{"rendered":"https:\/\/www.gmsrhen.de\/?page_id=2906"},"modified":"2025-07-19T08:31:46","modified_gmt":"2025-07-19T06:31:46","slug":"25-jahre-schulstandort-rhen","status":"publish","type":"page","link":"https:\/\/www.gmsrhen.de\/?page_id=2906","title":{"rendered":"25 Jahre Schulstandort Rhen"},"content":{"rendered":"\n<h1 class=\"wp-block-heading\">Wir feiern ein Jubil\u00e4um<\/h1>\n\n\n\n<p><a href=\"#Einstieg\">25 Jahre der Schulstandort der jetzigen GMS Rhen<\/a><\/p>\n\n\n\n<p><a href=\"#ErlebnisWald\">Die GMS Rhen im ErlebnisWald Trappenkamp<\/a><\/p>\n\n\n\n<p><a href=\"#Winterball\">Winterball der Sch\u00fclersprecherinnen<\/a><\/p>\n\n\n\n<p><a href=\"#Standort\">Die GMS Rhen geht los<\/a><\/p>\n\n\n\n<p><a href=\"#Sommerfest\">Sommerfest der GMS Rhen<\/a><\/p>\n\n\n\n<figure class=\"wp-block-image size-large\"><a href=\"https:\/\/www.gmsrhen.de\/wp-content\/uploads\/2019\/08\/image-5.png\"><img loading=\"lazy\" decoding=\"async\" width=\"1024\" height=\"635\" src=\"https:\/\/www.gmsrhen.de\/wp-content\/uploads\/2019\/08\/image-5-1024x635.png\" alt=\"\" class=\"wp-image-2900\" srcset=\"https:\/\/www.gmsrhen.de\/wp-content\/uploads\/2019\/08\/image-5-1024x635.png 1024w, https:\/\/www.gmsrhen.de\/wp-content\/uploads\/2019\/08\/image-5-300x186.png 300w, https:\/\/www.gmsrhen.de\/wp-content\/uploads\/2019\/08\/image-5-768x476.png 768w, https:\/\/www.gmsrhen.de\/wp-content\/uploads\/2019\/08\/image-5-1536x952.png 1536w, https:\/\/www.gmsrhen.de\/wp-content\/uploads\/2019\/08\/image-5-624x387.png 624w, https:\/\/www.gmsrhen.de\/wp-content\/uploads\/2019\/08\/image-5.png 1913w\" sizes=\"auto, (max-width: 1024px) 100vw, 1024px\" \/><\/a><\/figure>\n\n\n\n<p id=\"Einstieg\"><strong>25 Jahre der Schulstandort der jetzigen GMS Rhen<\/strong><\/p>\n\n\n\n<p>Schon 1996 begannen die Planungen, einen weiteren Realschulstandort in Henstedt-Ulzburg zu etablieren. Die damals zu erwartenden Sch\u00fclerzahlen lie\u00dfen einen Anstieg der Realschule von 25 auf 26 Klassen und des Gymnasiums von 22 auf 32 Klassen erwarten. So wurde am 12. November 1997 zum 1. Spatenstich und am 03. Juli 1998 zur Grundsteinlegung eingeladen. Im Dezember 1998 wurde dann Richtfest gefeiert. Das Bauvorhaben verschlang fast 26,5 Millionen D-Mark, der bis dahin teuerste Bau in der Gemeinde. Die Zweigstelle des Jugendforums entstand f\u00fcr etwa eine Million D-Mark und der Sportverein Rhen investierte in Eigenregie in ein neues Sportlerheim in direkter Nachbarschaft zur Schule. Zudem wurde mit dem Schulbau nach den Entw\u00fcrfen des Kieler Architektenb\u00fcros Brokstedt Discher und Partner auch die Kunst zu einem Wettbewerb eingeladen.<\/p>\n\n\n\n<p>Mit Beginn des Schuljahres August 1999 sollten die ersten Sch\u00fcler einziehen. Vorbereitend auf den Umzug wurden die k\u00fcnftigen Rhener Realsch\u00fcler im Schulzentrum an der Maurepasstra\u00dfe schon vor dem Schuljahresende 1998\/99 in eigenen Klassen zusammengefasst. Jeweils zwei f\u00fcnfte bis achte Klassen bildeten den Grundstock f\u00fcr die neue Schule. Damit waren es im August 1999 193 Sch\u00fclerinnen und Sch\u00fcler und 15 Lehrkr\u00e4fte mit der kommissarischen Leitung unter Dr. Looft. Zum Halbjahrwechsel war es dann soweit: Der Umzug in die R\u00e4ume auf dem Rhen wurden von der Sch\u00fclerschaft und den Lehrkr\u00e4ften durchgef\u00fchrt. Die offizielle Einweihung der Schule mit dem Namen \u201eRealschule Rhen\u201c wurde am 30. M\u00e4rz 2000 gefeiert. W\u00e4hrend schon zu der damaligen Zeit hochmoderne Fach- und Klassenr\u00e4ume die Realschule Rhen auszeichneten, hat die Schule immer noch nichts von ihrer Modernit\u00e4t eingeb\u00fc\u00dft. 25 Jahre sp\u00e4ter stehen in jedem Raum ein digitales Bord und Kreide l\u00e4sst sich nur noch im Kunstraum finden. Aus einem PC-Raum wurden inzwischen 2 PC-R\u00e4ume \u00e0 30 PCs. Mobile Notebookwagen wurden angeschafft, um in den Klassenr\u00e4umen digital arbeiten zu k\u00f6nnen.<\/p>\n\n\n\n<p>2003 wurde dann der Sportplatz eingeweiht. Mit einer 100 m Sprintstrecke und einer Weitsprunggrube kann schon ein gro\u00dfer Teil der Bundesjugendspiele Leichtathletik abgedeckt werden.<\/p>\n\n\n\n<p>Doch was schon im Jahr 2000 vorhergesagt wurde, ist jetzt eingetroffen: die Schule ist zu klein. 2004 entstand f\u00fcr 1,4 Millionen Euro ein Anbau. Doch mit inzwischen 430 Sch\u00fclerinnen und Sch\u00fclern sowie 34 Lehrkr\u00e4ften platzen 2024 die R\u00e4ume aus allen N\u00e4hten. Es wurde eine Aufnahmesperre ab 75 Sch\u00fclerinnen und Sch\u00fcler pro Jahrgang vom Schulamt erwirkt und die Politik denkt wiederholt \u00fcber einen Anbau nach.<\/p>\n\n\n\n<p>\u00dcber die Jahre etablierten sich verschiedene Projekte, die sich zum Teil bis heute wiederfinden: Seit 2003 gibt es an der Schule Schulsanit\u00e4ter und das \u201eKleine Hungerloch\u201c, der von Eltern organisierte Kiosk, \u00f6ffnete. 2012 wurden Sch\u00fclerinnen und Sch\u00fcler als Suchtberater ausgebildet. Sp\u00e4ter kamen Streitschlichter hinzu, die sich allerdings nicht etablieren konnten. Streit wird u.a. mit der Schulsozialarbeit und den Lehrkr\u00e4ften geschlichtet und aufgearbeitet.<\/p>\n\n\n\n<p>2005 trug der f\u00fcnfte Jahrgang einheitliche Schulkleidung. Unauff\u00e4llige T-Shirts, Jacken und K\u00e4ppis mit einem Delfin-Emblem konnten sich allerdings nicht durchsetzen.<\/p>\n\n\n\n<p>2009 wurde die Realschule Rhen mit den Themen Nachhaltigkeit, soziale Gerechtigkeit, Klimawandel und \u00dcbernutzung der Ressourcen zur Zukunftsschule. Zum Schuljahresbeginn 2010\/11 wurde die Realschule Rhen zur Gemeinschaftsschule Rhen mit offener Ganztagsschule.<\/p>\n\n\n\n<p>In den letzten 25 Jahren haben folgende Personen die Schule geleitet: begonnen hat Herr Dr. Looft, dann kam Herr Klahre. 2005 wurde er von einem 4er Team aus Lehrkr\u00e4ften kommissarisch abgel\u00f6st. 2006 folgte Frau R\u00fcckert und ab 2014 Herr Schmedes.<\/p>\n\n\n\n<p>Diesen ereignisreichen R\u00fcckblick m\u00f6chte die GMS Rhen in dem Schuljahr 2024\/25 feiern. Begonnen wurde mit einem gemeinsamen Ausflug in den ErlebnisWald in Trappenkamp, der die Gemeinschaft innerhalb der GMS Rhen noch mehr st\u00e4rkte. Ein Winterball f\u00fcr die \u00e4lteren Sch\u00fclerinnen und Sch\u00fcler wurde am 06.12.2025 von den Sch\u00fclersprecherinnen organisiert. Der Umzug zur GMS Rhen wird symbolisch am 04.02.2025 nachgestellt, indem die Sch\u00fclerinnen, Sch\u00fcler und Lehrkr\u00e4fte von der Gr\u00fcnen Schule (jetzt Alstergymnasium) zum jetzigen Schulstandort auf den Rhen wandern. Eine Schnitzeljagd durch Henstedt-Ulzburg verdeutlicht unsere Verbundenheit mit unserer Gemeinde und enden wollen wir im Sommer 2025 mit einem Sommerfest. Kleine Projekte werden das 2. Schulhalbjahr begleiten. Lass dich \u00fcberraschen, Henstedt-Ulzburg!<\/p>\n\n\n\n<p id=\"ErlebnisWald\"><strong>Die GMS Rhen im ErlebnisWald Trappenkamp: Ein unvergesslicher Tag f\u00fcr alle Klassen<\/strong><\/p>\n\n\n\n<p>Anl\u00e4sslich der 25-Jahr-Feier des Schulstandortes der GMS Rhen m\u00f6chte die Schule in diesem Schuljahr besondere Momente erleben. Den Anfang machte am 09.10.2024 der mit Spannung erwartete Schulausflug in den Erlebniswald Trappenkamp, an dem alle Klassen teilnahmen. Zuerst trafen sich alle Sch\u00fclerinnen und Sch\u00fcler in ihren Klassen und gingen dann zu Fu\u00df Richtung Kiefernweg, wo neun Busse kamen, um 420 Sch\u00fclerinnen und Sch\u00fcler, Schulbegleitungen und 28 Lehrkr\u00e4fte mitzunehmen. Kaum am Parkplatz vom Erlebnispark Trappenkamp angekommen, begann es zu regnen. Leider hielt der Regen bis Mittag an.<\/p>\n\n\n<div class=\"wp-block-image\">\n<figure class=\"aligncenter size-full is-resized\"><a href=\"https:\/\/www.gmsrhen.de\/wp-content\/uploads\/2025\/02\/grafik.png\"><img loading=\"lazy\" decoding=\"async\" width=\"378\" height=\"283\" src=\"https:\/\/www.gmsrhen.de\/wp-content\/uploads\/2025\/02\/grafik.png\" alt=\"\" class=\"wp-image-2909\" style=\"width:380px;height:auto\" srcset=\"https:\/\/www.gmsrhen.de\/wp-content\/uploads\/2025\/02\/grafik.png 378w, https:\/\/www.gmsrhen.de\/wp-content\/uploads\/2025\/02\/grafik-300x225.png 300w\" sizes=\"auto, (max-width: 378px) 100vw, 378px\" \/><\/a><\/figure>\n<\/div>\n\n\n<p>Der Erlebniswald bietet eine Vielzahl von Attraktionen, die sowohl unterhaltsam als auch lehrreich sind. Nach der Ankunft verteilten sich die Klassen. W\u00e4hrend die einen im Wald aktiv waren, konnten die anderen die verschiedenen Stationen erkunden, die interessante Informationen \u00fcber die Tier- und Pflanzenwelt boten. Bedauerlicherweise zerst\u00f6rte der Regen viele der m\u00fchsam erarbeiteten Quizantworten.&nbsp;<\/p>\n\n\n\n<p>F\u00fcr das leibliche Wohl sorgte entweder ein gemeinsames Picknick innerhalb einer Klasse an den Grillpl\u00e4tzen, gesch\u00fctzt vor dem Regen, oder ein Besuch im Restaurant im Waldhaus.<\/p>\n\n\n\n<p>Das Highlight war die spektakul\u00e4re Flugvorf\u00fchrung, die nur f\u00fcr unsere Schule durchgef\u00fchrt wurde. Die langbeinige Schleiereule, der massige Uhu, der pfiffige Bussard, der pfeilschnelle Falke und der majest\u00e4tische Seeadler begeisterten das Publikum mit ihren Fl\u00fcgen dicht \u00fcber den K\u00f6pfen der Zuschauer. Ein unvergessliches Erlebnis!<\/p>\n\n\n\n<p>Der Tag war eine sch\u00f6ne Abwechslung vom Schulalltag und ein unvergessliches Abenteuer.<\/p>\n\n\n<div class=\"wp-block-image\">\n<figure class=\"aligncenter size-full is-resized\"><a href=\"https:\/\/www.gmsrhen.de\/wp-content\/uploads\/2025\/02\/grafik-1.png\"><img loading=\"lazy\" decoding=\"async\" width=\"605\" height=\"158\" src=\"https:\/\/www.gmsrhen.de\/wp-content\/uploads\/2025\/02\/grafik-1.png\" alt=\"\" class=\"wp-image-2910\" style=\"width:602px;height:auto\" srcset=\"https:\/\/www.gmsrhen.de\/wp-content\/uploads\/2025\/02\/grafik-1.png 605w, https:\/\/www.gmsrhen.de\/wp-content\/uploads\/2025\/02\/grafik-1-300x78.png 300w\" sizes=\"auto, (max-width: 605px) 100vw, 605px\" \/><\/a><\/figure>\n<\/div>\n\n\n<p id=\"Winterball\"><strong>Winterball der Sch\u00fclersprecherinnen: Ein toller Abend voller Stimmung und Gemeinschaft<\/strong><\/p>\n\n\n\n<p>Passend zum Nikolaus organisierte das Sch\u00fclersprecherteam in unserem weihnachtlich geschm\u00fcckten Forum einen Winterball f\u00fcr die Klassen 8 bis 10.<\/p>\n\n\n\n<p>Die Idee und Vorbereitungen f\u00fcr den Ball begannen bereits Wochen zuvor. Die Sch\u00fclersprecherinnen Emma, Laura aus den Klassen 10a und Angelia sowie Jona aus der Klasse 10b arbeiteten unerm\u00fcdlich daran, einen unvergesslichen Abend auf die Beine zu stellen. Abfragen wurden durchgef\u00fchrt, ein DJ gesucht, ein Fotopoint, ein Buffet und Aufsichtslehrkr\u00e4fte organisiert und die Dekoration \u00fcberlegt \u2013 jeder Schritt wurde bis ins Detail bedacht.<\/p>\n\n\n\n<p>Der Abend begann um 18 Uhr. Die festlich gekleideten Sch\u00fclerinnen und Sch\u00fcler \u2013das war Voraussetzung- hatten die M\u00f6glichkeit, sich in der festlich dekorierten Aula zu unterhalten und erste Tanzschritte auf der Tanzfl\u00e4che zu wagen. Die musikalische Begleitung \u00fcbernahmen Philipp und Arvid aus der 8c, die mit einer Mischung aus aktuellen Hits und Oldies f\u00fcr beste Stimmung sorgten.<\/p>\n\n\n<div class=\"wp-block-image\">\n<figure class=\"aligncenter size-full is-resized\"><a href=\"https:\/\/www.gmsrhen.de\/wp-content\/uploads\/2025\/02\/grafik-2.png\"><img loading=\"lazy\" decoding=\"async\" width=\"309\" height=\"227\" src=\"https:\/\/www.gmsrhen.de\/wp-content\/uploads\/2025\/02\/grafik-2.png\" alt=\"\" class=\"wp-image-2911\" style=\"width:309px;height:auto\" srcset=\"https:\/\/www.gmsrhen.de\/wp-content\/uploads\/2025\/02\/grafik-2.png 309w, https:\/\/www.gmsrhen.de\/wp-content\/uploads\/2025\/02\/grafik-2-300x220.png 300w\" sizes=\"auto, (max-width: 309px) 100vw, 309px\" \/><\/a><\/figure>\n<\/div>\n\n\n<p>Ein besonderes Highlight des Abends war die Wahl der Ballk\u00f6nigin und des Ballk\u00f6nigs. Jede\/jeder, der mitmachen wollte, erhielt eine Nummer. Im Laufe des Abends wurde abgestimmt. Vreni (10b) und Ben (10a) wurden dann als K\u00f6nigspaar gek\u00fcrt. <\/p>\n\n\n<div class=\"wp-block-image\">\n<figure class=\"aligncenter size-full is-resized\"><a href=\"https:\/\/www.gmsrhen.de\/wp-content\/uploads\/2025\/02\/grafik-3.png\"><img loading=\"lazy\" decoding=\"async\" width=\"160\" height=\"227\" src=\"https:\/\/www.gmsrhen.de\/wp-content\/uploads\/2025\/02\/grafik-3.png\" alt=\"\" class=\"wp-image-2912\" style=\"width:159px;height:auto\"\/><\/a><\/figure>\n<\/div>\n\n\n<p>Unterhaltsam war das Pantomime Spiel, bei dem die Lehrkr\u00e4fte gegen Sch\u00fclerinnen und Sch\u00fcler antraten und winterliche Begriffe errieten. Dabei hatten die Sch\u00fclerinnen und Sch\u00fcler die Nase vorn und konnten zeigen, wie kreativ sie die Vorgaben pantomimisch darstellen konnten. Gerne genutzt wurde die M\u00f6glichkeit beim Fotopoint die ausgelassene Stimmung festzuhalten. Es entstanden tolle Schnappsch\u00fcsse, die die Sch\u00fclerinnen und Sch\u00fcler auf der Nextcloud einsehen k\u00f6nnen. St\u00e4rken und erfrischen konnte sich jeder Besucher f\u00fcr einen geringen Obulus am Buffet, das von den 10. Klassen organisiert wurde.<\/p>\n\n\n\n<p>Die Stimmung war ausgelassen, leider f\u00fcllte sich die Tanzfl\u00e4che nicht wie erhofft. Doch die Sch\u00fclerinnen und Sch\u00fcler genossen die Gelegenheit, sich au\u00dferhalb des Schulalltags zu treffen und gemeinsam zu feiern. \u201eEs ist sch\u00f6n zu sehen, wie alle zusammenkommen und Spa\u00df haben\u201c, sagte Tewes Mohr, die Vertrauenslehrkraft der Schule und Unterst\u00fctzer des Sch\u00fclersprecherteams. \u201eDer Winterball ist eine tolle Tradition, die wir unbedingt fortsetzen sollten.\u201c<\/p>\n\n\n\n<p>Der Winterball endete um 22 Uhr, aber die Erinnerungen an diesen besonderen Abend werden sicherlich noch lange in den Herzen der Teilnehmer bleiben. Die Sch\u00fclersprecherinnen haben mit ihrem Engagement und ihrer Kreativit\u00e4t einen unvergesslichen Abend geschaffen, der die Gemeinschaft der Schule st\u00e4rkt und den Sch\u00fclerinnen und Sch\u00fclern die M\u00f6glichkeit gibt, sich besser kennenzulernen.<\/p>\n\n\n\n<p>Insgesamt war der Winterball ein voller Erfolg und ein wunderbares Beispiel daf\u00fcr, was erreicht werden kann, wenn Sch\u00fclerinnen und Sch\u00fcler gemeinsam an einem Strang ziehen. Die Sch\u00fclersprecherinnen freuen sich bereits auf die n\u00e4chste Veranstaltung und hoffen, dass der Winterball zu einer festen Tradition an der GMS Rhen wird.<\/p>\n\n\n<div class=\"wp-block-image\">\n<figure class=\"aligncenter size-full is-resized\"><a href=\"https:\/\/www.gmsrhen.de\/wp-content\/uploads\/2025\/02\/grafik-4.png\"><img loading=\"lazy\" decoding=\"async\" width=\"189\" height=\"227\" src=\"https:\/\/www.gmsrhen.de\/wp-content\/uploads\/2025\/02\/grafik-4.png\" alt=\"\" class=\"wp-image-2913\" style=\"width:189px;height:auto\"\/><\/a><\/figure>\n<\/div>\n\n\n<hr class=\"wp-block-separator has-alpha-channel-opacity\"\/>\n\n\n\n<p id=\"Standort\"><strong>Die GMS Rhen geht los<\/strong><\/p>\n\n\n\n<p>Der Standort der Gemeinschaftsschule Rhen feiert in diesem Jahr ihr 25-j\u00e4hriges Jubil\u00e4um!<\/p>\n\n\n\n<p>Aus diesem Anlass fand am Dienstag, den 04.02.2025 eine besondere Veranstaltung statt:<\/p>\n\n\n\n<p>\u00dcber 400 Sch\u00fclerinnen, Sch\u00fcler, Schulbegleitungen und 30 Lehrkr\u00e4fte begaben sich gemeinsam auf einen Schul-Umzug vom Alstergymnasium (Maurepasstra\u00dfe 67) zum aktuellen Standort der Gemeinschaftsschule Rhen.<\/p>\n\n\n\n<p>Um 8.30 Uhr trafen sich alle Sch\u00fclerinnen und Sch\u00fcler mit ihrer jeweiligen Klassenlehrkraft auf dem Vorplatz des Alstergymnasiums. Doch warum dieser Standort?&nbsp;Die damalige Realschule und das Alstergymnasium existierten damals gemeinsam im gr\u00fcnen Geb\u00e4ude des heutigen Alstergymnasiums. Aufgrund der Raumnot entschied sich die Gemeinde f\u00fcr einen neuen Schulstandort. Es wurde auf dem Rhen gebaut. Im Februar 2000 erfolgte dann der Umzug an den jetzigen Standort. 2010 wurde die Realschule dann Gemeinschaftsschule. Den damaligen Standortwechsel m\u00f6chten wir zum Anlass nehmen, die Entwicklung der Schule Revue passieren zu lassen und mit der gesamten Schulgemeinschaft zu feiern. Bunt geschm\u00fcckt und mit guter Laune setzte sich der Tross um kurz vor 9 Uhr, begleitet von der Polizei, in Bewegung. Musik dr\u00f6hnte aus mehreren Musikboxen und sch\u00fcrten die Stimmung. An der GMS Rhen angekommen, wurde die GMS Rhen Fahne gehisst. Ehemalige Lehrkr\u00e4fte empfingen die Umzugsgruppe.<\/p>\n\n\n\n<p>Mit einer Show Sch\u00fclerschaft gegen Lehrkollegium erlebten die G\u00e4ste die neuen technischen Errungenschaften, das zugewandte Verh\u00e4ltnis zwischen den GMS Rhen Mitgliedern und der tollen Atmosph\u00e4re unserer Schule. Mutige Sch\u00fclerinnen und Sch\u00fcler und tapfere Lehrkr\u00e4fte stellten sich den Aufgaben der Quizmaster. Die Jury hatte ein wachsames Auge und traf gro\u00dfz\u00fcgige Entscheidungen. Das Duell hat die Sch\u00fclerschaft gewonnen.<\/p>\n\n\n\n<p>Ein herzliches Dankesch\u00f6n geht an die Gemeinde und die Polizei f\u00fcr die unkomplizierte Zusammenarbeit. Wir haben uns auch sehr dar\u00fcber gefreut, dass RSH den Umzug begleiten konnte. Mal sehen, welche \u00dcberraschungen das Halbjahr noch zu bieten hat.<\/p>\n\n\n\n<figure class=\"wp-block-image size-large\"><a href=\"https:\/\/www.gmsrhen.de\/wp-content\/uploads\/2025\/02\/image.png\"><img loading=\"lazy\" decoding=\"async\" width=\"1024\" height=\"370\" src=\"https:\/\/www.gmsrhen.de\/wp-content\/uploads\/2025\/02\/image-1024x370.png\" alt=\"\" class=\"wp-image-2927\" srcset=\"https:\/\/www.gmsrhen.de\/wp-content\/uploads\/2025\/02\/image-1024x370.png 1024w, https:\/\/www.gmsrhen.de\/wp-content\/uploads\/2025\/02\/image-300x108.png 300w, https:\/\/www.gmsrhen.de\/wp-content\/uploads\/2025\/02\/image-768x278.png 768w, https:\/\/www.gmsrhen.de\/wp-content\/uploads\/2025\/02\/image-624x225.png 624w, https:\/\/www.gmsrhen.de\/wp-content\/uploads\/2025\/02\/image.png 1522w\" sizes=\"auto, (max-width: 1024px) 100vw, 1024px\" \/><\/a><\/figure>\n\n\n\n<p id=\"Sommerfest\"><strong>Ein Sommerfest voller Gemeinschaft und guter Laune<\/strong><\/p>\n\n\n\n<p>GMS Rhen l\u00e4dt ein zum 25-j\u00e4hrigen Standortjubil\u00e4um auf dem Rhen<\/p>\n\n\n<div class=\"wp-block-image\">\n<figure class=\"aligncenter size-large\"><a href=\"https:\/\/www.gmsrhen.de\/wp-content\/uploads\/2025\/06\/plakat01.jpg\"><img loading=\"lazy\" decoding=\"async\" width=\"735\" height=\"1024\" src=\"https:\/\/www.gmsrhen.de\/wp-content\/uploads\/2025\/06\/plakat01-735x1024.jpg\" alt=\"\" class=\"wp-image-3021\" srcset=\"https:\/\/www.gmsrhen.de\/wp-content\/uploads\/2025\/06\/plakat01-735x1024.jpg 735w, https:\/\/www.gmsrhen.de\/wp-content\/uploads\/2025\/06\/plakat01-215x300.jpg 215w, https:\/\/www.gmsrhen.de\/wp-content\/uploads\/2025\/06\/plakat01-768x1070.jpg 768w, https:\/\/www.gmsrhen.de\/wp-content\/uploads\/2025\/06\/plakat01-1102x1536.jpg 1102w, https:\/\/www.gmsrhen.de\/wp-content\/uploads\/2025\/06\/plakat01-624x870.jpg 624w, https:\/\/www.gmsrhen.de\/wp-content\/uploads\/2025\/06\/plakat01.jpg 1295w\" sizes=\"auto, (max-width: 735px) 100vw, 735px\" \/><\/a><\/figure>\n<\/div>\n\n\n<p><strong>Henstedt-Ulzburg.<\/strong> Strahlender Sonnenschein, fr\u00f6hliche Kinder, engagierte Lehrkr\u00e4fte und viele helfende H\u00e4nde \u2013 das Sommerfest am Samstag, den 21.06.2025 <strong>zum 25-j\u00e4hrigen Standortjubil\u00e4um der GMS Rhen<\/strong> wurde zu einem rundum gelungenen Erlebnis f\u00fcr Gro\u00df und Klein.<\/p>\n\n\n\n<p>Schon gegen 10 Uhr f\u00fcllte sich das Schulgel\u00e4nde mit lachenden Gesichtern, duftenden Speisen und buntem Treiben. M\u00f6glich gemacht wurde das Fest vor allem durch die gro\u00dfartige Unterst\u00fctzung und Spendenbereitschaft der Eltern, die sich beim Auf- und Abbau, an dem sehr reichhaltigen Buffet mit zahlreichen kulinarischen Beitr\u00e4gen und den Preisen f\u00fcr absolvierte Laufkarten einbrachten. Es war so viel an Essen da, dass am Ende sogar noch einiges \u00fcbrig blieb \u2013 das wurde dann zum Mitnehmen eingepackt.<\/p>\n\n\n\n<p>Auch die Sch\u00fclerinnen und Sch\u00fcler hatten im Vorfeld mit viel Kreativit\u00e4t und Einsatz an ihren jeweiligen Klassenst\u00e4nden gearbeitet. Ob bei Spiel-, Sport- oder Bastelstationen \u2013 sie sorgten f\u00fcr ein abwechslungsreiches und lebendiges Festprogramm, das bei allen G\u00e4sten gro\u00dfen Anklang fand. Philipp und Arvid (beide 8c) zeigten sich als tolle DJs, die technisch versiert ein gutes Gesp\u00fcr f\u00fcr die Musikauswahl hatten.<\/p>\n\n\n\n<p>Ein besonderer Dank geb\u00fchrt den Lehrkr\u00e4ften, den Mitarbeitern der OGTS, der Sekret\u00e4rin und dem Hausmeister, die mit gro\u00dfem Engagement und viel Herzblut das Fest vorbereitet und begleitet haben. Ihre tatkr\u00e4ftige Unterst\u00fctzung war in allen Bereichen sp\u00fcrbar \u2013 sei es bei der Koordination oder Betreuung der St\u00e4nde.<\/p>\n\n\n\n<p>F\u00fcr das leibliche Wohl sorgten neben dem vielf\u00e4ltigen Elternbuffet die Fleischerei Nowatzki sowie der Partyservice H\u00fcbener, der Cr\u00eapestand Lobstedt und das Bauernhofeis von Kroghoff, die mit Grillwurst, Pommes, Cr\u00eapes und Eis genau den Geschmack der G\u00e4ste getroffen hatten. &nbsp;Gro\u00dfen Andrang erlebte auch die aufblasbare Fu\u00dfball-Dartscheibe XXL, bereitgestellt vom F\u00f6rderverein, und das Spielemobil, das den j\u00fcngsten G\u00e4sten mit vielf\u00e4ltigen Spielm\u00f6glichkeiten ein L\u00e4cheln ins Gesicht zauberte.<\/p>\n\n\n\n<p>Echte Highlights waren die Pr\u00e4sentation der Ausr\u00fcstung und Wagen der Feuerwehr Henstedt-Ulzburg und des DRK Bad Segeberg. Beide Organisationen standen nicht nur mit spannenden Einblicken in ihre Arbeit bereit, sondern sicherten das Festgeschehen auch mit ihrer professionellen Pr\u00e4senz ab.<\/p>\n\n\n\n<p>Die Schulgemeinschaft blickt dankbar auf ein fr\u00f6hliches Fest zur\u00fcck, das zeigt, was durch Zusammenhalt und gemeinsames Engagement alles m\u00f6glich ist. &#8222;Ein wirklich rundum tolles und gelungenes Sommerfest! Die Ideen werden bestimmt viele Jahre im Ged\u00e4chtnis der Kids bleiben.&#8220; schw\u00e4rmt eine Mutter.<\/p>\n\n\n\n<figure class=\"wp-block-image size-large\"><a href=\"https:\/\/www.gmsrhen.de\/wp-content\/uploads\/2025\/07\/IMG-20250621-WA00361.jpg\"><img loading=\"lazy\" decoding=\"async\" width=\"1024\" height=\"768\" src=\"https:\/\/www.gmsrhen.de\/wp-content\/uploads\/2025\/07\/IMG-20250621-WA00361-1024x768.jpg\" alt=\"\" class=\"wp-image-3030\" srcset=\"https:\/\/www.gmsrhen.de\/wp-content\/uploads\/2025\/07\/IMG-20250621-WA00361-1024x768.jpg 1024w, https:\/\/www.gmsrhen.de\/wp-content\/uploads\/2025\/07\/IMG-20250621-WA00361-300x225.jpg 300w, https:\/\/www.gmsrhen.de\/wp-content\/uploads\/2025\/07\/IMG-20250621-WA00361-768x576.jpg 768w, https:\/\/www.gmsrhen.de\/wp-content\/uploads\/2025\/07\/IMG-20250621-WA00361-1536x1152.jpg 1536w, https:\/\/www.gmsrhen.de\/wp-content\/uploads\/2025\/07\/IMG-20250621-WA00361-624x468.jpg 624w, https:\/\/www.gmsrhen.de\/wp-content\/uploads\/2025\/07\/IMG-20250621-WA00361.jpg 1600w\" sizes=\"auto, (max-width: 1024px) 100vw, 1024px\" \/><\/a><\/figure>\n\n\n\n<p>Schulleiter Hanno Schmedes begr\u00fc\u00dft die G\u00e4ste des Sommerfestes<\/p>\n\n\n\n<figure class=\"wp-block-image size-large\"><a href=\"https:\/\/www.gmsrhen.de\/wp-content\/uploads\/2025\/07\/dji_fly_25-1.jpg\"><img loading=\"lazy\" decoding=\"async\" width=\"1024\" height=\"576\" src=\"https:\/\/www.gmsrhen.de\/wp-content\/uploads\/2025\/07\/dji_fly_25-1-1024x576.jpg\" alt=\"\" class=\"wp-image-3029\" srcset=\"https:\/\/www.gmsrhen.de\/wp-content\/uploads\/2025\/07\/dji_fly_25-1-1024x576.jpg 1024w, https:\/\/www.gmsrhen.de\/wp-content\/uploads\/2025\/07\/dji_fly_25-1-300x169.jpg 300w, https:\/\/www.gmsrhen.de\/wp-content\/uploads\/2025\/07\/dji_fly_25-1-768x432.jpg 768w, https:\/\/www.gmsrhen.de\/wp-content\/uploads\/2025\/07\/dji_fly_25-1-624x351.jpg 624w, https:\/\/www.gmsrhen.de\/wp-content\/uploads\/2025\/07\/dji_fly_25-1.jpg 1280w\" sizes=\"auto, (max-width: 1024px) 100vw, 1024px\" \/><\/a><\/figure>\n\n\n\n<p>Die Sch\u00fclerinnen und Sch\u00fcler stellen 25 Jahre GMS Rhen<\/p>\n","protected":false},"excerpt":{"rendered":"<p>Wir feiern ein Jubil\u00e4um 25 Jahre der Schulstandort der jetzigen GMS Rhen Die GMS Rhen im ErlebnisWald Trappenkamp Winterball der Sch\u00fclersprecherinnen Die GMS Rhen geht los Sommerfest der GMS Rhen 25 Jahre der Schulstandort der jetzigen GMS Rhen Schon 1996 begannen die Planungen, einen weiteren Realschulstandort in Henstedt-Ulzburg zu etablieren. Die damals zu erwartenden Sch\u00fclerzahlen [&hellip;]<\/p>\n","protected":false},"author":1,"featured_media":0,"parent":0,"menu_order":0,"comment_status":"closed","ping_status":"closed","template":"","meta":{"footnotes":""},"class_list":["post-2906","page","type-page","status-publish","hentry"],"_links":{"self":[{"href":"https:\/\/www.gmsrhen.de\/index.php?rest_route=\/wp\/v2\/pages\/2906","targetHints":{"allow":["GET"]}}],"collection":[{"href":"https:\/\/www.gmsrhen.de\/index.php?rest_route=\/wp\/v2\/pages"}],"about":[{"href":"https:\/\/www.gmsrhen.de\/index.php?rest_route=\/wp\/v2\/types\/page"}],"author":[{"embeddable":true,"href":"https:\/\/www.gmsrhen.de\/index.php?rest_route=\/wp\/v2\/users\/1"}],"replies":[{"embeddable":true,"href":"https:\/\/www.gmsrhen.de\/index.php?rest_route=%2Fwp%2Fv2%2Fcomments&post=2906"}],"version-history":[{"count":10,"href":"https:\/\/www.gmsrhen.de\/index.php?rest_route=\/wp\/v2\/pages\/2906\/revisions"}],"predecessor-version":[{"id":3032,"href":"https:\/\/www.gmsrhen.de\/index.php?rest_route=\/wp\/v2\/pages\/2906\/revisions\/3032"}],"wp:attachment":[{"href":"https:\/\/www.gmsrhen.de\/index.php?rest_route=%2Fwp%2Fv2%2Fmedia&parent=2906"}],"curies":[{"name":"wp","href":"https:\/\/api.w.org\/{rel}","templated":true}]}}