{"id":735,"date":"2014-10-09T06:50:59","date_gmt":"2014-10-09T04:50:59","guid":{"rendered":"http:\/\/gmsrhen.bplaced.net\/?page_id=735"},"modified":"2023-09-27T18:22:48","modified_gmt":"2023-09-27T16:22:48","slug":"schulordnung","status":"publish","type":"page","link":"https:\/\/www.gmsrhen.de\/?page_id=735","title":{"rendered":"Schulordnung"},"content":{"rendered":"<div>\n<p align=\"center\"><a href=\"https:\/\/www.gmsrhen.de\/wp-content\/uploads\/2023\/09\/Schulordnung.pdf\">Schulordnung Endfassung Juni 2023<\/a><\/p>\n<p align=\"center\"><a href=\"https:\/\/www.gmsrhen.de\/wp-content\/uploads\/2023\/09\/Schulordnung.-Erklaerung-zum-Verhalten.pdf\">Erkl\u00e4rung zum grunds\u00e4tzlichen Verhalten<\/a><\/p>\n<p align=\"center\"><span style=\"text-decoration: underline;\">Vorwort<\/span><\/p>\n<p>An der Gemeinschaftsschule Rhen kommen viele Menschen zusammen: Sch\u00fclerinnen und Sch\u00fcler, Eltern, Lehrerinnen und Lehrer sowie andere Mitarbeiterinnen und Mitarbeiter. All diese Menschen machen unsere Schule aus. Unser Miteinander wird bestimmt durch R\u00fccksicht, Toleranz, H\u00f6flichkeit und Hilfsbereitschaft. Daf\u00fcr \u00fcbernimmt jeder Verantwortung f\u00fcr sich selbst sowie auch f\u00fcr unsere Gemeinschaft.<\/p>\n<p>Die Gemeinschaftsschule Rhen ist ein Ort des Lernens und Lehrens. Auf der Grundlage dieser Schulordnung m\u00f6chten wir die besten Voraussetzungen schaffen, um unseren Bildungsauftrag optimal erf\u00fcllen zu k\u00f6nnen.<\/p>\n<p>&nbsp;<\/p>\n<p><span style=\"text-decoration: underline;\">Schulweg<\/span><\/p>\n<ul>\n<li>Sch\u00fclerInnen sind nur auf dem direkten Weg zwischen Schule und Elternhaus versichert.<\/li>\n<li>Fahrr\u00e4der oder Mofas m\u00fcssen auf den daf\u00fcr ausgewiesenen Stellpl\u00e4tzen abgestellt werden.<\/li>\n<\/ul>\n<p>&nbsp;<\/p>\n<p><span style=\"text-decoration: underline;\">Vor dem Unterricht<\/span><\/p>\n<ul>\n<li>Die T\u00fcren werden um 7.30 Uhr ge\u00f6ffnet, bei schlechtem Wetter auch fr\u00fcher.<\/li>\n<li>Alle Sch\u00fclerInnen befinden sich zu den bekannten Anfangszeiten in den Klassenr\u00e4umen bzw. vor den Fachr\u00e4umen.<\/li>\n<\/ul>\n<p>&nbsp;<\/p>\n<p><span style=\"text-decoration: underline;\">Unterrichts- und Pausenzeiten<\/span><\/p>\n<p>1. Stunde \u00a0\u00a0\u00a0\u00a0\u00a0\u00a0 7:40-8:25 Uhr<\/p>\n<p><i>5-Minutenpause<\/i><\/p>\n<p>2. Stunde \u00a0\u00a0\u00a0\u00a0\u00a0\u00a0 8:30-9:15 Uhr<\/p>\n<p><i>15-Minutenpause<\/i><\/p>\n<p>3. Stunde\u00a0\u00a0\u00a0\u00a0\u00a0\u00a0\u00a0 9:30-10:15 Uhr<\/p>\n<p><i>10-Minutenpause<\/i><\/p>\n<p>4. Stunde\u00a0\u00a0\u00a0\u00a0\u00a0\u00a0\u00a0 10:25-11:10 Uhr<\/p>\n<p><i>15-Minutenpause<\/i><\/p>\n<p>5. Stunde\u00a0\u00a0\u00a0\u00a0\u00a0\u00a0\u00a0 11:25-12:10 Uhr<\/p>\n<p><i>5-Minutenpause<\/i><\/p>\n<p>6. Stunde \u00a0\u00a0\u00a0\u00a0\u00a0\u00a0 12:15-13:00 Uhr<\/p>\n<p><i>Mittagspause<\/i><\/p>\n<p>7. Stunde \u00a0\u00a0\u00a0\u00a0\u00a0\u00a0 13:30-14:15 Uhr<\/p>\n<p>8. Stunde\u00a0\u00a0\u00a0\u00a0\u00a0\u00a0\u00a0 14:15-15:00 Uhr<\/p>\n<p><b>\u00a0<\/b><\/p>\n<p><span style=\"text-decoration: underline;\">Nach dem Unterricht<\/span><\/p>\n<ul>\n<li>Nach dem Unterricht stellen die Sch\u00fclerInnen alle St\u00fchle des Raumes hoch.<\/li>\n<li>Die R\u00e4ume werden sauber und ordentlich hinterlassen.<\/li>\n<\/ul>\n<p><span style=\"text-decoration: underline;\">\u00a0<\/span><\/p>\n<\/div>\n<p><span style=\"text-decoration: underline;\">\u00a0<\/span><\/p>\n<p><span style=\"text-decoration: underline;\">In den Pausen<\/span><\/p>\n<ul>\n<li>Die gro\u00dfen Pausen dienen der Erholung. Die Sch\u00fclerInnen gehen zu Beginn der gro\u00dfen Pausen unaufgefordert auf direktem Weg auf den Schulhof.<\/li>\n<li>Die 5-Minutenpausen verbringen die Sch\u00fclerInnen in ihren Klassenr\u00e4umen. Das Verlassen der Klassenr\u00e4ume ist in diesen Pausen nur in begr\u00fcndeten F\u00e4llen gestattet.<\/li>\n<li>Vor dem Fachunterricht gehen die Klassen selbstst\u00e4ndig zu den Fachr\u00e4umen. Nach dem Fachunterricht gehen die Lernenden direkt auf den Schulhof bzw. in den 5-Minutenpausen in den Klassenraum.<\/li>\n<li>Die Sch\u00fclerInnen der 10. Klassen d\u00fcrfen sich in den Pausen in ihrem Klassenraum oder auf dem Schulhof aufhalten.<\/li>\n<li>Im Falle einer offiziell angek\u00fcndigten Regenpause sammeln sich die Klassen 5-7 im Forum, die Klassen 8-10 bleiben in ihren Klassenr\u00e4umen. Niemand darf sich auf dem Schulhof aufhalten.<\/li>\n<li>LehrerInnen werden w\u00e4hrend der Pausenaufsicht durch Sch\u00fclerInnen der 9. Klassen unterst\u00fctzt. Auch den Anweisungen dieser Sch\u00fclerInnen ist Folge zu leisten.<\/li>\n<li>Wegen der erh\u00f6hten Unfallgefahr ist der Aufenthalt im Bereich der Schwenkt\u00fcren untersagt.<\/li>\n<li>Die Klassen 5-8 \u00fcbernehmen den Papiersammeldienst nach Plan.<\/li>\n<li>Die Lehrersprechzeit ist f\u00fcr Sch\u00fclerInnen w\u00e4hrend der Pausen von 9:15 Uhr bis 9:30 Uhr.<\/li>\n<li>In den Pausen darf der Aufsichtsbereich nur mit Genehmigung einer Lehrkraft verlassen werden.<\/li>\n<li>Das Werfen von Schneeb\u00e4llen ist verboten.<\/li>\n<\/ul>\n<p>&nbsp;<\/p>\n<p><span style=\"text-decoration: underline;\">Haftung<\/span><\/p>\n<ul>\n<li>Ohne Genehmigung einer Lehrkraft ist Sch\u00fclerInnen das Verlassen des Schulgel\u00e4ndes w\u00e4hrend der Schulzeit untersagt. Bei \u00dcbertretung dieses Verbots erlischt der Versicherungsschutz.<\/li>\n<li>F\u00fcr jegliche verlorene, abhanden gekommene oder gestohlene Gegenst\u00e4nde kann von der Schule keine Haftung \u00fcbernommen werden. Insbesondere technische Ger\u00e4te wie z.B. Mobiltelefone, MP3-Player, Taschenrechner etc. werden von der Schule nicht ersetzt.<\/li>\n<\/ul>\n<p>&nbsp;<\/p>\n<p><span style=\"text-decoration: underline;\">Besondere Hinweise f\u00fcr Eltern<\/span><\/p>\n<ul>\n<li>Die Schule muss umgehend informiert werden, wenn ein Kind nicht am Unterricht teilnehmen kann. Dies geschieht \u00fcber das DK durch die Eltern.<\/li>\n<li>Adress\u00e4nderungen m\u00fcssen der Schule umgehend bekannt gegeben werden. Dies gilt insbesondere f\u00fcr Telefonnummern, unter denen Erziehungsberechtigte im Notfall zu erreichen sind.<\/li>\n<li>F\u00fcr eine Befreiung vom Sportunterricht muss ein \u00e4rztliches Attest vorliegen, wenn die Befreiung f\u00fcr mehr als zwei Wochen beantragt wird.<\/li>\n<\/ul>\n<ul>\n<li>Zum Schuljahresende oder beim Verlassen der Schule sind s\u00e4mtliche B\u00fccher in ordnungsgem\u00e4\u00dfem Zustand abzugeben.<\/li>\n<li>Daten\u00e4nderungen, Adress\u00e4nderungen und Schulabmeldungen von der Schule m\u00fcssen schriftlich durch die Erziehungsberechtigte\/den Erziehungsberechtigten erfolgen.<\/li>\n<\/ul>\n","protected":false},"excerpt":{"rendered":"<p>Schulordnung Endfassung Juni 2023 Erkl\u00e4rung zum grunds\u00e4tzlichen Verhalten Vorwort An der Gemeinschaftsschule Rhen kommen viele Menschen zusammen: Sch\u00fclerinnen und Sch\u00fcler, Eltern, Lehrerinnen und Lehrer sowie andere Mitarbeiterinnen und Mitarbeiter. All diese Menschen machen unsere Schule aus. Unser Miteinander wird bestimmt durch R\u00fccksicht, Toleranz, H\u00f6flichkeit und Hilfsbereitschaft. Daf\u00fcr \u00fcbernimmt jeder Verantwortung f\u00fcr sich selbst sowie auch [&hellip;]<\/p>\n","protected":false},"author":1,"featured_media":0,"parent":831,"menu_order":0,"comment_status":"closed","ping_status":"closed","template":"","meta":{"footnotes":""},"class_list":["post-735","page","type-page","status-publish","hentry"],"_links":{"self":[{"href":"https:\/\/www.gmsrhen.de\/index.php?rest_route=\/wp\/v2\/pages\/735","targetHints":{"allow":["GET"]}}],"collection":[{"href":"https:\/\/www.gmsrhen.de\/index.php?rest_route=\/wp\/v2\/pages"}],"about":[{"href":"https:\/\/www.gmsrhen.de\/index.php?rest_route=\/wp\/v2\/types\/page"}],"author":[{"embeddable":true,"href":"https:\/\/www.gmsrhen.de\/index.php?rest_route=\/wp\/v2\/users\/1"}],"replies":[{"embeddable":true,"href":"https:\/\/www.gmsrhen.de\/index.php?rest_route=%2Fwp%2Fv2%2Fcomments&post=735"}],"version-history":[{"count":10,"href":"https:\/\/www.gmsrhen.de\/index.php?rest_route=\/wp\/v2\/pages\/735\/revisions"}],"predecessor-version":[{"id":2303,"href":"https:\/\/www.gmsrhen.de\/index.php?rest_route=\/wp\/v2\/pages\/735\/revisions\/2303"}],"up":[{"embeddable":true,"href":"https:\/\/www.gmsrhen.de\/index.php?rest_route=\/wp\/v2\/pages\/831"}],"wp:attachment":[{"href":"https:\/\/www.gmsrhen.de\/index.php?rest_route=%2Fwp%2Fv2%2Fmedia&parent=735"}],"curies":[{"name":"wp","href":"https:\/\/api.w.org\/{rel}","templated":true}]}}